{"id":12846,"date":"2015-11-18T08:37:53","date_gmt":"2015-11-18T13:37:53","guid":{"rendered":"https:\/\/observatoriosinodalidad.org\/?page_id=12846"},"modified":"2026-04-06T13:00:05","modified_gmt":"2026-04-06T18:00:05","slug":"inicio","status":"publish","type":"page","link":"https:\/\/observatoriosinodalidad.org\/pt-br\/","title":{"rendered":"In\u00edcio"},"content":{"rendered":"<div id=\"cmsmasters_row_83hce86sns\" class=\"cmsmasters_row cmsmasters_color_scheme_default cmsmasters_row_top_default cmsmasters_row_bot_default cmsmasters_row_fullwidth\">\n<div class=\"cmsmasters_row_outer_parent\">\n<div class=\"cmsmasters_row_outer\">\n<div class=\"cmsmasters_row_inner cmsmasters_row_fullwidth\">\n<div class=\"cmsmasters_row_margin\">\n<div id=\"cmsmasters_column_\" class=\"cmsmasters_column one_first\">\n<div class=\"cmsmasters_column_inner\">\n<div class=\"cmsmasters_slider\">\n\t\t\t<!-- START home_slider  portugu\u00e9s REVOLUTION SLIDER 6.7.18 --><p class=\"rs-p-wp-fix\"><\/p>\n\t\t\t<rs-module-wrap id=\"rev_slider_2_1_wrapper\" data-source=\"gallery\" style=\"visibility:hidden;background:transparent;padding:0;margin:0px auto;margin-top:0;margin-bottom:0;\">\n\t\t\t\t<rs-module id=\"rev_slider_2_1\" style=\"\" data-version=\"6.7.18\">\n\t\t\t\t\t<rs-slides style=\"overflow: hidden; position: absolute;\">\n\t\t\t\t\t\t<rs-slide style=\"position: absolute;\" data-key=\"rs-23\" data-title=\"Slide\" data-link=\"\/\/observatoriosinodalidad.org\/pt-br\/multimidia\/\" data-tag=\"l\" data-target=\"_self\" data-seoz=\"front\" data-in=\"o:0;\" data-out=\"a:false;\">\n\t\t\t\t\t\t\t<img decoding=\"async\" src=\"\/\/observatoriosinodalidad.org\/wp-content\/plugins\/revslider\/sr6\/assets\/assets\/dummy.png\" alt=\"\" title=\"historias-sinodalidad\" width=\"1920\" height=\"1080\" class=\"rev-slidebg tp-rs-img rs-lazyload\" data-lazyload=\"\/\/observatoriosinodalidad.org\/wp-content\/uploads\/2025\/08\/historias-sinodalidad.webp\" data-panzoom=\"d:10000;ss:100;se:103;oe:10\/0;\" data-no-retina>\n<!--\n\t\t\t\t\t\t\t--><a\n\t\t\t\t\t\t\t\tid=\"slider-2-slide-23-layer-0\" \n\t\t\t\t\t\t\t\tclass=\"rs-layer rev-btn\"\n\t\t\t\t\t\t\t\thref=\"https:\/\/observatoriosinodalidad.org\/pt-br\/multimidia\/\" target=\"_self\"\n\t\t\t\t\t\t\t\tdata-type=\"button\"\n\t\t\t\t\t\t\t\tdata-rsp_ch=\"on\"\n\t\t\t\t\t\t\t\tdata-xy=\"x:c;yo:519px,494px,482px,381px;\"\n\t\t\t\t\t\t\t\tdata-text=\"w:normal;s:23,17,20,21;l:53,39,49,53;fw:500;\"\n\t\t\t\t\t\t\t\tdata-dim=\"minh:0,none,none,none;\"\n\t\t\t\t\t\t\t\tdata-padding=\"r:33,25,32,35;l:33,25,32,35;\"\n\t\t\t\t\t\t\t\tdata-border=\"bor:25px,25px,25px,25px;\"\n\t\t\t\t\t\t\t\tdata-frame_999=\"o:0;st:w;\"\n\t\t\t\t\t\t\t\tdata-frame_hover=\"bgc:#007aff;bor:25px,25px,25px,25px;bri:120%;\"\n\t\t\t\t\t\t\t\tstyle=\"z-index:7;background-color:#007aff;font-family:'Roboto';\"\n\t\t\t\t\t\t\t>Saiba mais aqui \n\t\t\t\t\t\t\t<\/a><!--\n\n\t\t\t\t\t\t\t--><rs-layer\n\t\t\t\t\t\t\t\tid=\"slider-2-slide-23-layer-15\" \n\t\t\t\t\t\t\t\tdata-type=\"image\"\n\t\t\t\t\t\t\t\tdata-rsp_ch=\"on\"\n\t\t\t\t\t\t\t\tdata-xy=\"x:c;y:m;yo:-74px,-62px,-92px,-60px;\"\n\t\t\t\t\t\t\t\tdata-text=\"w:normal;s:20,15,11,6;l:0,18,13,8;\"\n\t\t\t\t\t\t\t\tdata-dim=\"w:609px,552px,472px,394px;h:323px,293px,250px,209px;\"\n\t\t\t\t\t\t\t\tdata-frame_999=\"o:0;st:w;\"\n\t\t\t\t\t\t\t\tstyle=\"z-index:6;\"\n\t\t\t\t\t\t\t><img decoding=\"async\" src=\"\/\/observatoriosinodalidad.org\/wp-content\/plugins\/revslider\/sr6\/assets\/assets\/dummy.png\" alt=\"\" class=\"tp-rs-img rs-lazyload\" width=\"866\" height=\"459\" data-lazyload=\"\/\/observatoriosinodalidad.org\/wp-content\/uploads\/2025\/08\/historias-sinodalidade.png\" data-no-retina> \n\t\t\t\t\t\t\t<\/rs-layer><!--\n-->\t\t\t\t\t<\/rs-slide>\n\t\t\t\t\t\t<rs-slide style=\"position: absolute;\" data-key=\"rs-19\" data-title=\"Slide\" data-thumb=\"\/\/observatoriosinodalidad.org\/wp-content\/uploads\/2025\/08\/cuadernos-bg-home-100x50.png\" data-link=\"\/\/observatoriosinodalidad.org\/pt-br\/publicacoes\/#cuadernos\" data-tag=\"l\" data-target=\"_self\" data-seoz=\"front\" data-in=\"o:0;\" data-out=\"a:false;\">\n\t\t\t\t\t\t\t<img decoding=\"async\" src=\"\/\/observatoriosinodalidad.org\/wp-content\/plugins\/revslider\/sr6\/assets\/assets\/dummy.png\" alt=\"\" title=\"cuadernos-bg-home\" width=\"2000\" height=\"1125\" class=\"rev-slidebg tp-rs-img rs-lazyload\" data-lazyload=\"\/\/observatoriosinodalidad.org\/wp-content\/uploads\/2025\/08\/cuadernos-bg-home.png\" data-panzoom=\"d:10000;ss:100;se:103;oe:10\/0;\" data-no-retina>\n<!--\n\t\t\t\t\t\t\t--><rs-layer\n\t\t\t\t\t\t\t\tid=\"slider-2-slide-19-layer-15\" \n\t\t\t\t\t\t\t\tdata-type=\"image\"\n\t\t\t\t\t\t\t\tdata-rsp_ch=\"on\"\n\t\t\t\t\t\t\t\tdata-xy=\"x:c;yo:119px,129px,135px,98px;\"\n\t\t\t\t\t\t\t\tdata-text=\"w:normal;s:20,15,11,6;l:0,18,13,8;\"\n\t\t\t\t\t\t\t\tdata-dim=\"w:1123px,845px,642px,426px;h:220px,165px,125px,80px;\"\n\t\t\t\t\t\t\t\tdata-frame_999=\"o:0;st:w;\"\n\t\t\t\t\t\t\t\tstyle=\"z-index:6;\"\n\t\t\t\t\t\t\t><img decoding=\"async\" src=\"\/\/observatoriosinodalidad.org\/wp-content\/plugins\/revslider\/sr6\/assets\/assets\/dummy.png\" alt=\"\" class=\"tp-rs-img rs-lazyload\" width=\"2560\" height=\"501\" data-lazyload=\"\/\/observatoriosinodalidad.org\/wp-content\/uploads\/2025\/08\/cadernos-estudo-scaled.png\" data-no-retina> \n\t\t\t\t\t\t\t<\/rs-layer><!--\n\n\t\t\t\t\t\t\t--><rs-layer\n\t\t\t\t\t\t\t\tid=\"slider-2-slide-19-layer-16\" \n\t\t\t\t\t\t\t\tdata-type=\"image\"\n\t\t\t\t\t\t\t\tdata-rsp_ch=\"on\"\n\t\t\t\t\t\t\t\tdata-xy=\"x:c;yo:421px,416px,397px,318px;\"\n\t\t\t\t\t\t\t\tdata-text=\"w:normal;s:20,15,11,6;l:0,18,13,8;\"\n\t\t\t\t\t\t\t\tdata-dim=\"w:1180px,935px,732px,451px;h:253px,202px,158px,97px;\"\n\t\t\t\t\t\t\t\tdata-frame_999=\"o:0;st:w;\"\n\t\t\t\t\t\t\t\tstyle=\"z-index:7;\"\n\t\t\t\t\t\t\t><img decoding=\"async\" src=\"\/\/observatoriosinodalidad.org\/wp-content\/plugins\/revslider\/sr6\/assets\/assets\/dummy.png\" alt=\"\" class=\"tp-rs-img rs-lazyload\" width=\"2560\" height=\"549\" data-lazyload=\"\/\/observatoriosinodalidad.org\/wp-content\/uploads\/2025\/08\/cadernos-estudio-cover-scaled.png\" data-no-retina> \n\t\t\t\t\t\t\t<\/rs-layer><!--\n\n\t\t\t\t\t\t\t--><a\n\t\t\t\t\t\t\t\tid=\"slider-2-slide-19-layer-17\" \n\t\t\t\t\t\t\t\tclass=\"rs-layer\"\n\t\t\t\t\t\t\t\thref=\"https:\/\/observatoriosinodalidad.org\/pt-br\/publicacoes\/#cuadernos\" target=\"_self\"\n\t\t\t\t\t\t\t\tdata-type=\"image\"\n\t\t\t\t\t\t\t\tdata-rsp_ch=\"on\"\n\t\t\t\t\t\t\t\tdata-xy=\"x:c;xo:65px,0,0,0;yo:677px,627px,555px,410px;\"\n\t\t\t\t\t\t\t\tdata-text=\"w:normal;s:20,15,11,6;l:0,18,13,8;\"\n\t\t\t\t\t\t\t\tdata-dim=\"w:324px,322px,334px,282px;h:119px,112px,116px,98px;\"\n\t\t\t\t\t\t\t\tdata-frame_999=\"o:0;st:w;\"\n\t\t\t\t\t\t\t\tstyle=\"z-index:8;\"\n\t\t\t\t\t\t\t><img decoding=\"async\" src=\"\/\/observatoriosinodalidad.org\/wp-content\/plugins\/revslider\/sr6\/assets\/assets\/dummy.png\" alt=\"\" class=\"tp-rs-img rs-lazyload\" width=\"1210\" height=\"446\" data-lazyload=\"\/\/observatoriosinodalidad.org\/wp-content\/uploads\/2025\/08\/download-cadernos.png\" data-no-retina> \n\t\t\t\t\t\t\t<\/a><!--\n-->\t\t\t\t\t<\/rs-slide>\n\t\t\t\t\t\t<rs-slide style=\"position: absolute;\" data-key=\"rs-27\" data-title=\"Slide\" data-thumb=\"\/\/observatoriosinodalidad.org\/wp-content\/uploads\/2025\/08\/rrss_bg-100x50.png\" data-link=\"\/\/observatoriosinodalidad.org\/tag\/obispos-amazonia\/\" data-tag=\"l\" data-target=\"_self\" data-seoz=\"front\" data-in=\"o:0;\" data-out=\"a:false;\">\n\t\t\t\t\t\t\t<img decoding=\"async\" src=\"\/\/observatoriosinodalidad.org\/wp-content\/plugins\/revslider\/sr6\/assets\/assets\/dummy.png\" alt=\"\" title=\"rrss_bg\" width=\"2000\" height=\"1125\" class=\"rev-slidebg tp-rs-img rs-lazyload\" data-lazyload=\"\/\/observatoriosinodalidad.org\/wp-content\/uploads\/2025\/08\/rrss_bg.png\" data-panzoom=\"d:10000;ss:100;se:103;oe:10\/0;\" data-no-retina>\n<!--\n\t\t\t\t\t\t\t--><rs-layer\n\t\t\t\t\t\t\t\tid=\"slider-2-slide-27-layer-8\" \n\t\t\t\t\t\t\t\tdata-type=\"image\"\n\t\t\t\t\t\t\t\tdata-rsp_ch=\"on\"\n\t\t\t\t\t\t\t\tdata-xy=\"x:l,l,l,c;xo:46px,32px,24px,0;yo:97px,132px,100px,164px;\"\n\t\t\t\t\t\t\t\tdata-text=\"w:normal;s:20,15,11,6;l:0,18,13,8;\"\n\t\t\t\t\t\t\t\tdata-dim=\"w:829px,692px,525px,323px;h:613px,512px,389px,240px;\"\n\t\t\t\t\t\t\t\tdata-frame_999=\"o:0;st:w;\"\n\t\t\t\t\t\t\t\tstyle=\"z-index:9;\"\n\t\t\t\t\t\t\t><img decoding=\"async\" src=\"\/\/observatoriosinodalidad.org\/wp-content\/plugins\/revslider\/sr6\/assets\/assets\/dummy.png\" alt=\"\" class=\"tp-rs-img rs-lazyload\" width=\"2560\" height=\"1893\" data-lazyload=\"\/\/observatoriosinodalidad.org\/wp-content\/uploads\/2025\/08\/ols-pt-scaled.png\" data-no-retina> \n\t\t\t\t\t\t\t<\/rs-layer><!--\n\n\t\t\t\t\t\t\t--><rs-layer\n\t\t\t\t\t\t\t\tid=\"slider-2-slide-27-layer-11\" \n\t\t\t\t\t\t\t\tdata-type=\"image\"\n\t\t\t\t\t\t\t\tdata-rsp_ch=\"on\"\n\t\t\t\t\t\t\t\tdata-xy=\"x:r,r,r,c;xo:12px,9px,31px,0;yo:82px,89px,50px,62px;\"\n\t\t\t\t\t\t\t\tdata-text=\"w:normal;s:20,15,11,6;l:0,18,13,8;\"\n\t\t\t\t\t\t\t\tdata-dim=\"w:865px,651px,555px,367px;h:218px,164px,140px,92px;\"\n\t\t\t\t\t\t\t\tdata-frame_999=\"o:0;st:w;\"\n\t\t\t\t\t\t\t\tstyle=\"z-index:10;\"\n\t\t\t\t\t\t\t><img decoding=\"async\" src=\"\/\/observatoriosinodalidad.org\/wp-content\/plugins\/revslider\/sr6\/assets\/assets\/dummy.png\" alt=\"\" class=\"tp-rs-img rs-lazyload\" width=\"2560\" height=\"644\" data-lazyload=\"\/\/observatoriosinodalidad.org\/wp-content\/uploads\/2025\/08\/siga-nos-redes-scaled.png\" data-no-retina> \n\t\t\t\t\t\t\t<\/rs-layer><!--\n\n\t\t\t\t\t\t\t--><rs-layer\n\t\t\t\t\t\t\t\tid=\"slider-2-slide-27-layer-12\" \n\t\t\t\t\t\t\t\tdata-type=\"image\"\n\t\t\t\t\t\t\t\tdata-rsp_ch=\"on\"\n\t\t\t\t\t\t\t\tdata-xy=\"x:l,l,l,c;xo:591px,442px,306px,0;yo:540px,516px,439px,419px;\"\n\t\t\t\t\t\t\t\tdata-text=\"w:normal;s:20,15,11,6;l:0,18,13,8;\"\n\t\t\t\t\t\t\t\tdata-dim=\"w:698px,525px,446px,323px;h:238px,179px,152px,110px;\"\n\t\t\t\t\t\t\t\tdata-frame_999=\"o:0;st:w;\"\n\t\t\t\t\t\t\t\tstyle=\"z-index:11;\"\n\t\t\t\t\t\t\t><img decoding=\"async\" src=\"\/\/observatoriosinodalidad.org\/wp-content\/plugins\/revslider\/sr6\/assets\/assets\/dummy.png\" alt=\"\" class=\"tp-rs-img rs-lazyload\" width=\"1373\" height=\"468\" data-lazyload=\"\/\/observatoriosinodalidad.org\/wp-content\/uploads\/2025\/08\/redes.png\" data-no-retina> \n\t\t\t\t\t\t\t<\/rs-layer><!--\n-->\t\t\t\t\t<\/rs-slide>\n\t\t\t\t\t\t<rs-slide style=\"position: absolute;\" data-key=\"rs-29\" data-title=\"Slide\" data-thumb=\"\/\/observatoriosinodalidad.org\/wp-content\/uploads\/2025\/08\/bg-informes-100x50.png\" data-link=\"\/\/observatoriosinodalidad.org\/pt-br\/publicacoes\/#relatorios\" data-tag=\"l\" data-target=\"_self\" data-seoz=\"front\" data-in=\"o:0;\" data-out=\"a:false;\">\n\t\t\t\t\t\t\t<img decoding=\"async\" src=\"\/\/observatoriosinodalidad.org\/wp-content\/plugins\/revslider\/sr6\/assets\/assets\/dummy.png\" alt=\"\" title=\"bg-informes\" width=\"2000\" height=\"1125\" class=\"rev-slidebg tp-rs-img rs-lazyload\" data-lazyload=\"\/\/observatoriosinodalidad.org\/wp-content\/uploads\/2025\/08\/bg-informes.png\" data-panzoom=\"d:10000;ss:100;se:103;oe:10\/0;\" data-no-retina>\n<!--\n\t\t\t\t\t\t\t--><rs-layer\n\t\t\t\t\t\t\t\tid=\"slider-2-slide-29-layer-13\" \n\t\t\t\t\t\t\t\tdata-type=\"image\"\n\t\t\t\t\t\t\t\tdata-rsp_ch=\"on\"\n\t\t\t\t\t\t\t\tdata-xy=\"x:c;y:m;\"\n\t\t\t\t\t\t\t\tdata-text=\"w:normal;s:20,15,11,6;l:0,18,13,8;\"\n\t\t\t\t\t\t\t\tdata-dim=\"w:1273px,958px,727px,448px;h:315px,237px,180px,111px;\"\n\t\t\t\t\t\t\t\tdata-frame_999=\"o:0;st:w;\"\n\t\t\t\t\t\t\t\tstyle=\"z-index:6;\"\n\t\t\t\t\t\t\t><img decoding=\"async\" src=\"\/\/observatoriosinodalidad.org\/wp-content\/plugins\/revslider\/sr6\/assets\/assets\/dummy.png\" alt=\"\" class=\"tp-rs-img rs-lazyload\" width=\"2560\" height=\"633\" data-lazyload=\"\/\/observatoriosinodalidad.org\/wp-content\/uploads\/2025\/08\/relatorio-cojuntura-scaled.png\" data-no-retina> \n\t\t\t\t\t\t\t<\/rs-layer><!--\n-->\t\t\t\t\t<\/rs-slide>\n\t\t\t\t\t<\/rs-slides>\n\t\t\t\t\t<rs-static-layers class=\"rs-stl-visible\"><!--\n\t\t\t\t\t--><\/rs-static-layers>\n\t\t\t\t<\/rs-module>\n\t\t\t\t<script>\n\t\t\t\t\tsetREVStartSize({c: 'rev_slider_2_1',rl:[1240,1024,778,480],el:[830,768,778,580],gw:[1360,1024,778,480],gh:[830,768,778,580],type:'standard',justify:'',layout:'fullwidth',mh:\"0\"});if (window.RS_MODULES!==undefined && window.RS_MODULES.modules!==undefined && window.RS_MODULES.modules[\"revslider21\"]!==undefined) {window.RS_MODULES.modules[\"revslider21\"].once = false;window.revapi2 = undefined;if (window.RS_MODULES.checkMinimal!==undefined) window.RS_MODULES.checkMinimal()}\n\t\t\t\t<\/script>\n\t\t\t<\/rs-module-wrap>\n\t\t\t<!-- END REVOLUTION SLIDER -->\n<\/div>\n<\/div><\/div>\n<\/div>\n<\/div>\n<\/div>\n<\/div>\n<\/div>\n<div id=\"cmsmasters_row_ucs4e1cfdh\" class=\"cmsmasters_row cmsmasters_color_scheme_default cmsmasters_row_top_default cmsmasters_row_bot_default cmsmasters_row_boxed\">\n<div class=\"cmsmasters_row_outer_parent\">\n<div class=\"cmsmasters_row_outer\">\n<div class=\"cmsmasters_row_inner cmsmasters_row_no_margin\">\n<div class=\"cmsmasters_row_margin cmsmasters_row_columns_behavior\">\n<div id=\"cmsmasters_column_sclh9r6jib\" class=\"cmsmasters_column one_first\">\n<div class=\"cmsmasters_column_inner\"><div id=\"cmsmasters_heading_ag55xydzq\" class=\"cmsmasters_heading_wrap cmsmasters_heading_align_center\">\n\t<h2 class=\"cmsmasters_heading\">Atualidade<\/h2>\n<\/div>\n<div class=\"cmsmasters_posts_slider cmsmasters_posts_slider_type_post\" >\r\n\t\t<div id=\"cmsmasters_slider_b3sgllfmop\" class=\"cmsmasters_owl_slider owl-carousel\" data-items=\"4\" data-single-item=\"false\" data-auto-play=\"5000\"><div class=\"cmsmasters_owl_slider_item\"><!--_________________________ Start Posts Slider Post Article _________________________ -->\r\n<article id=\"post-18373\" class=\"cmsmasters_slider_post post-18373 post type-post status-publish format-standard has-post-thumbnail hentry category-noticias-pt-br tag-iglesia-en-antillas tag-sinodalidad-pt-br\">\r\n\t<div class=\"cmsmasters_slider_post_outer\">\r\n\t<div class=\"cmsmasters_slider_post_date_img_wrap\"><figure class=\"cmsmasters_img_rollover_wrap preloader\"><img loading=\"lazy\" decoding=\"async\" width=\"580\" height=\"366\" src=\"https:\/\/observatoriosinodalidad.org\/wp-content\/uploads\/2026\/02\/Mons.-Francis-Alleyne-580x366.png\" class=\"full-width wp-post-image\" alt=\"Um povo caminhando junto: a sinodalidade como horizonte do tempo da Quaresma\" title=\"Mons. Francis Alleyne\" \/><div class=\"cmsmasters_img_rollover\"><a href=\"https:\/\/observatoriosinodalidad.org\/pt-br\/um-povo-caminhando-junto-a-sinodalidade-como-horizonte-do-tempo-da-quaresma\/\" title=\"Um povo caminhando junto: a sinodalidade como horizonte do tempo da Quaresma\" class=\"cmsmasters_open_link\"><\/a><\/div><\/figure><\/div><div class=\"cmsmasters_slider_post_inner\"><div class=\"cmsmasters_slider_post_cont_info entry-meta\"><span class=\"cmsmasters_slider_post_date\"><abbr class=\"published\" title=\"fevereiro 21, 2026\">21 fevereiro 2026<\/abbr><abbr class=\"dn date updated\" title=\"fevereiro 25, 2026\">fevereiro 25, 2026<\/abbr><\/span><\/div><header class=\"cmsmasters_slider_post_header entry-header\"><h2 class=\"cmsmasters_slider_post_title entry-title\"><a href=\"https:\/\/observatoriosinodalidad.org\/pt-br\/um-povo-caminhando-junto-a-sinodalidade-como-horizonte-do-tempo-da-quaresma\/\">Um povo caminhando junto: a sinodalidade como horizonte do tempo da Quaresma<\/a><\/h2><\/header><footer class=\"cmsmasters_slider_post_footer entry-meta enable_post_meta\"><span class=\"cmsmasters_slider_post_category\"><a href=\"https:\/\/observatoriosinodalidad.org\/pt-br\/category\/noticias-pt-br\/\" class=\"cmsmasters_cat_color cmsmasters_cat_43\" rel=\"category tag\">Not\u00edcias<\/a><\/span><\/footer><div class=\"cmsmasters_slider_post_meta_info\"><span class=\"cmsmasters_likes cmsmasters_slider_post_likes\"><a href=\"#\" onclick=\"cmsmastersLike(18373, false); return false;\" id=\"cmsmastersLike-18373\" class=\"cmsmastersLike cmsmasters_theme_icon_like\"><span>0 <\/span><\/a><\/span><\/div><a class=\"cmsmasters_slider_post_read_more\" href=\"https:\/\/observatoriosinodalidad.org\/pt-br\/um-povo-caminhando-junto-a-sinodalidade-como-horizonte-do-tempo-da-quaresma\/\">Leia mais<\/a><\/div>\t<\/div>\r\n<\/article>\r\n<!--_________________________ Finish Posts Slider Post Article _________________________ -->\r\n\r\n<\/div><div class=\"cmsmasters_owl_slider_item\"><!--_________________________ Start Posts Slider Post Article _________________________ -->\r\n<article id=\"post-18362\" class=\"cmsmasters_slider_post post-18362 post type-post status-publish format-standard has-post-thumbnail hentry category-noticias-pt-br tag-celam-pt-br tag-sinodalidade\">\r\n\t<div class=\"cmsmasters_slider_post_outer\">\r\n\t<div class=\"cmsmasters_slider_post_date_img_wrap\"><figure class=\"cmsmasters_img_rollover_wrap preloader\"><img loading=\"lazy\" decoding=\"async\" width=\"580\" height=\"366\" src=\"https:\/\/observatoriosinodalidad.org\/wp-content\/uploads\/2026\/02\/16.02.26-CEPRAP-580x366.png\" class=\"full-width wp-post-image\" alt=\"O trabalho em rede estabelece novas dire\u00e7\u00f5es para a sinodalidade na Am\u00e9rica Latina e no Caribe\" title=\"16.02.26 CEPRAP\" \/><div class=\"cmsmasters_img_rollover\"><a href=\"https:\/\/observatoriosinodalidad.org\/pt-br\/o-trabalho-em-rede-estabelece-novas-direcoes-para-a-sinodalidade-na-america-latina-e-no-caribe\/\" title=\"O trabalho em rede estabelece novas dire\u00e7\u00f5es para a sinodalidade na Am\u00e9rica Latina e no Caribe\" class=\"cmsmasters_open_link\"><\/a><\/div><\/figure><\/div><div class=\"cmsmasters_slider_post_inner\"><div class=\"cmsmasters_slider_post_cont_info entry-meta\"><span class=\"cmsmasters_slider_post_date\"><abbr class=\"published\" title=\"fevereiro 16, 2026\">16 fevereiro 2026<\/abbr><abbr class=\"dn date updated\" title=\"fevereiro 16, 2026\">fevereiro 16, 2026<\/abbr><\/span><\/div><header class=\"cmsmasters_slider_post_header entry-header\"><h2 class=\"cmsmasters_slider_post_title entry-title\"><a href=\"https:\/\/observatoriosinodalidad.org\/pt-br\/o-trabalho-em-rede-estabelece-novas-direcoes-para-a-sinodalidade-na-america-latina-e-no-caribe\/\">O trabalho em rede estabelece novas dire\u00e7\u00f5es para a sinodalidade na Am\u00e9rica Latina e no Caribe<\/a><\/h2><\/header><footer class=\"cmsmasters_slider_post_footer entry-meta enable_post_meta\"><span class=\"cmsmasters_slider_post_category\"><a href=\"https:\/\/observatoriosinodalidad.org\/pt-br\/category\/noticias-pt-br\/\" class=\"cmsmasters_cat_color cmsmasters_cat_43\" rel=\"category tag\">Not\u00edcias<\/a><\/span><\/footer><div class=\"cmsmasters_slider_post_meta_info\"><span class=\"cmsmasters_likes cmsmasters_slider_post_likes\"><a href=\"#\" onclick=\"cmsmastersLike(18362, false); return false;\" id=\"cmsmastersLike-18362\" class=\"cmsmastersLike cmsmasters_theme_icon_like\"><span>0 <\/span><\/a><\/span><\/div><a class=\"cmsmasters_slider_post_read_more\" href=\"https:\/\/observatoriosinodalidad.org\/pt-br\/o-trabalho-em-rede-estabelece-novas-direcoes-para-a-sinodalidade-na-america-latina-e-no-caribe\/\">Leia mais<\/a><\/div>\t<\/div>\r\n<\/article>\r\n<!--_________________________ Finish Posts Slider Post Article _________________________ -->\r\n\r\n<\/div><div class=\"cmsmasters_owl_slider_item\"><!--_________________________ Start Posts Slider Post Article _________________________ -->\r\n<article id=\"post-18360\" class=\"cmsmasters_slider_post post-18360 post type-post status-publish format-standard has-post-thumbnail hentry category-noticias-pt-br tag-iglesia-en-costa-rica\">\r\n\t<div class=\"cmsmasters_slider_post_outer\">\r\n\t<div class=\"cmsmasters_slider_post_date_img_wrap\"><figure class=\"cmsmasters_img_rollover_wrap preloader\"><img loading=\"lazy\" decoding=\"async\" width=\"580\" height=\"366\" src=\"https:\/\/observatoriosinodalidad.org\/wp-content\/uploads\/2026\/02\/Obispos-de-Costa-Rica-580x366.png\" class=\"full-width wp-post-image\" alt=\"Bispos da Costa Rica reiteram o caminho sinodal como dimens\u00e3o constitutiva da Igreja\" title=\"Obispos de Costa Rica\" \/><div class=\"cmsmasters_img_rollover\"><a href=\"https:\/\/observatoriosinodalidad.org\/pt-br\/bispos-da-costa-rica-reiteram-o-caminho-sinodal-como-dimensao-constitutiva-da-igreja\/\" title=\"Bispos da Costa Rica reiteram o caminho sinodal como dimens\u00e3o constitutiva da Igreja\" class=\"cmsmasters_open_link\"><\/a><\/div><\/figure><\/div><div class=\"cmsmasters_slider_post_inner\"><div class=\"cmsmasters_slider_post_cont_info entry-meta\"><span class=\"cmsmasters_slider_post_date\"><abbr class=\"published\" title=\"fevereiro 13, 2026\">13 fevereiro 2026<\/abbr><abbr class=\"dn date updated\" title=\"fevereiro 16, 2026\">fevereiro 16, 2026<\/abbr><\/span><\/div><header class=\"cmsmasters_slider_post_header entry-header\"><h2 class=\"cmsmasters_slider_post_title entry-title\"><a href=\"https:\/\/observatoriosinodalidad.org\/pt-br\/bispos-da-costa-rica-reiteram-o-caminho-sinodal-como-dimensao-constitutiva-da-igreja\/\">Bispos da Costa Rica reiteram o caminho sinodal como dimens\u00e3o constitutiva da Igreja<\/a><\/h2><\/header><footer class=\"cmsmasters_slider_post_footer entry-meta enable_post_meta\"><span class=\"cmsmasters_slider_post_category\"><a href=\"https:\/\/observatoriosinodalidad.org\/pt-br\/category\/noticias-pt-br\/\" class=\"cmsmasters_cat_color cmsmasters_cat_43\" rel=\"category tag\">Not\u00edcias<\/a><\/span><\/footer><div class=\"cmsmasters_slider_post_meta_info\"><span class=\"cmsmasters_likes cmsmasters_slider_post_likes\"><a href=\"#\" onclick=\"cmsmastersLike(18360, false); return false;\" id=\"cmsmastersLike-18360\" class=\"cmsmastersLike cmsmasters_theme_icon_like\"><span>0 <\/span><\/a><\/span><\/div><a class=\"cmsmasters_slider_post_read_more\" href=\"https:\/\/observatoriosinodalidad.org\/pt-br\/bispos-da-costa-rica-reiteram-o-caminho-sinodal-como-dimensao-constitutiva-da-igreja\/\">Leia mais<\/a><\/div>\t<\/div>\r\n<\/article>\r\n<!--_________________________ Finish Posts Slider Post Article _________________________ -->\r\n\r\n<\/div><div class=\"cmsmasters_owl_slider_item\"><!--_________________________ Start Posts Slider Post Article _________________________ -->\r\n<article id=\"post-18358\" class=\"cmsmasters_slider_post post-18358 post type-post status-publish format-standard has-post-thumbnail hentry category-noticias-pt-br tag-papa-leao-xiv\">\r\n\t<div class=\"cmsmasters_slider_post_outer\">\r\n\t<div class=\"cmsmasters_slider_post_date_img_wrap\"><figure class=\"cmsmasters_img_rollover_wrap preloader\"><img loading=\"lazy\" decoding=\"async\" width=\"580\" height=\"366\" src=\"https:\/\/observatoriosinodalidad.org\/wp-content\/uploads\/2026\/02\/Consistorio-580x366.png\" class=\"full-width wp-post-image\" alt=\"Le\u00e3o XIV revitaliza o consist\u00f3rio cardinal\u00edcio como instrumento sinodal de discernimento e miss\u00e3o\" title=\"Consistorio\" \/><div class=\"cmsmasters_img_rollover\"><a href=\"https:\/\/observatoriosinodalidad.org\/pt-br\/leao-xiv-revitaliza-o-consistorio-cardinalicio-como-instrumento-sinodal-de-discernimento-e-missao\/\" title=\"Le\u00e3o XIV revitaliza o consist\u00f3rio cardinal\u00edcio como instrumento sinodal de discernimento e miss\u00e3o\" class=\"cmsmasters_open_link\"><\/a><\/div><\/figure><\/div><div class=\"cmsmasters_slider_post_inner\"><div class=\"cmsmasters_slider_post_cont_info entry-meta\"><span class=\"cmsmasters_slider_post_date\"><abbr class=\"published\" title=\"fevereiro 10, 2026\">10 fevereiro 2026<\/abbr><abbr class=\"dn date updated\" title=\"fevereiro 16, 2026\">fevereiro 16, 2026<\/abbr><\/span><\/div><header class=\"cmsmasters_slider_post_header entry-header\"><h2 class=\"cmsmasters_slider_post_title entry-title\"><a href=\"https:\/\/observatoriosinodalidad.org\/pt-br\/leao-xiv-revitaliza-o-consistorio-cardinalicio-como-instrumento-sinodal-de-discernimento-e-missao\/\">Le\u00e3o XIV revitaliza o consist\u00f3rio cardinal\u00edcio como instrumento sinodal de discernimento e miss\u00e3o<\/a><\/h2><\/header><footer class=\"cmsmasters_slider_post_footer entry-meta enable_post_meta\"><span class=\"cmsmasters_slider_post_category\"><a href=\"https:\/\/observatoriosinodalidad.org\/pt-br\/category\/noticias-pt-br\/\" class=\"cmsmasters_cat_color cmsmasters_cat_43\" rel=\"category tag\">Not\u00edcias<\/a><\/span><\/footer><div class=\"cmsmasters_slider_post_meta_info\"><span class=\"cmsmasters_likes cmsmasters_slider_post_likes\"><a href=\"#\" onclick=\"cmsmastersLike(18358, false); return false;\" id=\"cmsmastersLike-18358\" class=\"cmsmastersLike cmsmasters_theme_icon_like\"><span>0 <\/span><\/a><\/span><\/div><a class=\"cmsmasters_slider_post_read_more\" href=\"https:\/\/observatoriosinodalidad.org\/pt-br\/leao-xiv-revitaliza-o-consistorio-cardinalicio-como-instrumento-sinodal-de-discernimento-e-missao\/\">Leia mais<\/a><\/div>\t<\/div>\r\n<\/article>\r\n<!--_________________________ Finish Posts Slider Post Article _________________________ -->\r\n\r\n<\/div><div class=\"cmsmasters_owl_slider_item\"><!--_________________________ Start Posts Slider Post Article _________________________ -->\r\n<article id=\"post-18340\" class=\"cmsmasters_slider_post post-18340 post type-post status-publish format-standard has-post-thumbnail hentry category-noticias-pt-br\">\r\n\t<div class=\"cmsmasters_slider_post_outer\">\r\n\t<div class=\"cmsmasters_slider_post_date_img_wrap\"><figure class=\"cmsmasters_img_rollover_wrap preloader\"><img loading=\"lazy\" decoding=\"async\" width=\"580\" height=\"366\" src=\"https:\/\/observatoriosinodalidad.org\/wp-content\/uploads\/2026\/02\/06.02.26-Repam-580x366.png\" class=\"full-width wp-post-image\" alt=\"Sinodalidade na pr\u00e1tica: o Repam como experi\u00eancia prof\u00e9tica de escuta e transforma\u00e7\u00e3o territorial\" title=\"06.02.26 Repam\" \/><div class=\"cmsmasters_img_rollover\"><a href=\"https:\/\/observatoriosinodalidad.org\/pt-br\/sinodalidade-na-pratica-o-repam-como-experiencia-profetica-de-escuta-e-transformacao-territorial\/\" title=\"Sinodalidade na pr\u00e1tica: o Repam como experi\u00eancia prof\u00e9tica de escuta e transforma\u00e7\u00e3o territorial\" class=\"cmsmasters_open_link\"><\/a><\/div><\/figure><\/div><div class=\"cmsmasters_slider_post_inner\"><div class=\"cmsmasters_slider_post_cont_info entry-meta\"><span class=\"cmsmasters_slider_post_date\"><abbr class=\"published\" title=\"fevereiro 6, 2026\">06 fevereiro 2026<\/abbr><abbr class=\"dn date updated\" title=\"fevereiro 16, 2026\">fevereiro 16, 2026<\/abbr><\/span><\/div><header class=\"cmsmasters_slider_post_header entry-header\"><h2 class=\"cmsmasters_slider_post_title entry-title\"><a href=\"https:\/\/observatoriosinodalidad.org\/pt-br\/sinodalidade-na-pratica-o-repam-como-experiencia-profetica-de-escuta-e-transformacao-territorial\/\">Sinodalidade na pr\u00e1tica: o Repam como experi\u00eancia prof\u00e9tica de escuta e transforma\u00e7\u00e3o territorial<\/a><\/h2><\/header><footer class=\"cmsmasters_slider_post_footer entry-meta enable_post_meta\"><span class=\"cmsmasters_slider_post_category\"><a href=\"https:\/\/observatoriosinodalidad.org\/pt-br\/category\/noticias-pt-br\/\" class=\"cmsmasters_cat_color cmsmasters_cat_43\" rel=\"category tag\">Not\u00edcias<\/a><\/span><\/footer><div class=\"cmsmasters_slider_post_meta_info\"><span class=\"cmsmasters_likes cmsmasters_slider_post_likes\"><a href=\"#\" onclick=\"cmsmastersLike(18340, false); return false;\" id=\"cmsmastersLike-18340\" class=\"cmsmastersLike cmsmasters_theme_icon_like\"><span>0 <\/span><\/a><\/span><\/div><a class=\"cmsmasters_slider_post_read_more\" href=\"https:\/\/observatoriosinodalidad.org\/pt-br\/sinodalidade-na-pratica-o-repam-como-experiencia-profetica-de-escuta-e-transformacao-territorial\/\">Leia mais<\/a><\/div>\t<\/div>\r\n<\/article>\r\n<!--_________________________ Finish Posts Slider Post Article _________________________ -->\r\n\r\n<\/div><div class=\"cmsmasters_owl_slider_item\"><!--_________________________ Start Posts Slider Post Article _________________________ -->\r\n<article id=\"post-18330\" class=\"cmsmasters_slider_post post-18330 post type-post status-publish format-standard has-post-thumbnail hentry category-noticias-pt-br tag-iglesia-en-peru-pt-br tag-sinodalidade\">\r\n\t<div class=\"cmsmasters_slider_post_outer\">\r\n\t<div class=\"cmsmasters_slider_post_date_img_wrap\"><figure class=\"cmsmasters_img_rollover_wrap preloader\"><img loading=\"lazy\" decoding=\"async\" width=\"580\" height=\"366\" src=\"https:\/\/observatoriosinodalidad.org\/wp-content\/uploads\/2026\/02\/26.02.03-Iglesia-en-Peru-580x366.png\" class=\"full-width wp-post-image\" alt=\"A Igreja no Peru compartilha com a Secretaria Geral do S\u00ednodo os progressos e desafios de sua jornada sinodal\" title=\"26.02.03 Iglesia en Per\u00fa\" \/><div class=\"cmsmasters_img_rollover\"><a href=\"https:\/\/observatoriosinodalidad.org\/pt-br\/a-igreja-no-peru-compartilha-com-a-secretaria-geral-do-sinodo-os-progressos-e-desafios-de-sua-jornada-sinodal\/\" title=\"A Igreja no Peru compartilha com a Secretaria Geral do S\u00ednodo os progressos e desafios de sua jornada sinodal\" class=\"cmsmasters_open_link\"><\/a><\/div><\/figure><\/div><div class=\"cmsmasters_slider_post_inner\"><div class=\"cmsmasters_slider_post_cont_info entry-meta\"><span class=\"cmsmasters_slider_post_date\"><abbr class=\"published\" title=\"fevereiro 3, 2026\">03 fevereiro 2026<\/abbr><abbr class=\"dn date updated\" title=\"fevereiro 16, 2026\">fevereiro 16, 2026<\/abbr><\/span><\/div><header class=\"cmsmasters_slider_post_header entry-header\"><h2 class=\"cmsmasters_slider_post_title entry-title\"><a href=\"https:\/\/observatoriosinodalidad.org\/pt-br\/a-igreja-no-peru-compartilha-com-a-secretaria-geral-do-sinodo-os-progressos-e-desafios-de-sua-jornada-sinodal\/\">A Igreja no Peru compartilha com a Secretaria Geral do S\u00ednodo os progressos e desafios de sua jornada sinodal<\/a><\/h2><\/header><footer class=\"cmsmasters_slider_post_footer entry-meta enable_post_meta\"><span class=\"cmsmasters_slider_post_category\"><a href=\"https:\/\/observatoriosinodalidad.org\/pt-br\/category\/noticias-pt-br\/\" class=\"cmsmasters_cat_color cmsmasters_cat_43\" rel=\"category tag\">Not\u00edcias<\/a><\/span><\/footer><div class=\"cmsmasters_slider_post_meta_info\"><span class=\"cmsmasters_likes cmsmasters_slider_post_likes\"><a href=\"#\" onclick=\"cmsmastersLike(18330, false); return false;\" id=\"cmsmastersLike-18330\" class=\"cmsmastersLike cmsmasters_theme_icon_like\"><span>0 <\/span><\/a><\/span><\/div><a class=\"cmsmasters_slider_post_read_more\" href=\"https:\/\/observatoriosinodalidad.org\/pt-br\/a-igreja-no-peru-compartilha-com-a-secretaria-geral-do-sinodo-os-progressos-e-desafios-de-sua-jornada-sinodal\/\">Leia mais<\/a><\/div>\t<\/div>\r\n<\/article>\r\n<!--_________________________ Finish Posts Slider Post Article _________________________ -->\r\n\r\n<\/div><div class=\"cmsmasters_owl_slider_item\"><!--_________________________ Start Posts Slider Post Article _________________________ -->\r\n<article id=\"post-18244\" class=\"cmsmasters_slider_post post-18244 post type-post status-publish format-standard has-post-thumbnail hentry category-noticias-pt-br tag-iglesia-en-chile tag-sinodalidad-pt-br tag-sinodalidade\">\r\n\t<div class=\"cmsmasters_slider_post_outer\">\r\n\t<div class=\"cmsmasters_slider_post_date_img_wrap\"><figure class=\"cmsmasters_img_rollover_wrap preloader\"><img loading=\"lazy\" decoding=\"async\" width=\"580\" height=\"366\" src=\"https:\/\/observatoriosinodalidad.org\/wp-content\/uploads\/2025\/12\/Cuaresma-2025-12-26T204014.126-580x366.jpg\" class=\"full-width wp-post-image\" alt=\"Sinodalidade no centro: a Revista Servicio convida voc\u00ea a aprofundar o \u201ccaminhar juntos\u201d da Igreja no Chile\" title=\"Cuaresma - 2025-12-26T204014.126\" \/><div class=\"cmsmasters_img_rollover\"><a href=\"https:\/\/observatoriosinodalidad.org\/pt-br\/sinodalidade-no-centro-a-revista-servicio-convida-voce-a-aprofundar-o-caminhar-juntos-da-igreja-no-chile\/\" title=\"Sinodalidade no centro: a Revista Servicio convida voc\u00ea a aprofundar o \u201ccaminhar juntos\u201d da Igreja no Chile\" class=\"cmsmasters_open_link\"><\/a><\/div><\/figure><\/div><div class=\"cmsmasters_slider_post_inner\"><div class=\"cmsmasters_slider_post_cont_info entry-meta\"><span class=\"cmsmasters_slider_post_date\"><abbr class=\"published\" title=\"dezembro 27, 2025\">27 dezembro 2025<\/abbr><abbr class=\"dn date updated\" title=\"dezembro 26, 2025\">dezembro 26, 2025<\/abbr><\/span><\/div><header class=\"cmsmasters_slider_post_header entry-header\"><h2 class=\"cmsmasters_slider_post_title entry-title\"><a href=\"https:\/\/observatoriosinodalidad.org\/pt-br\/sinodalidade-no-centro-a-revista-servicio-convida-voce-a-aprofundar-o-caminhar-juntos-da-igreja-no-chile\/\">Sinodalidade no centro: a Revista Servicio convida voc\u00ea a aprofundar o \u201ccaminhar juntos\u201d da Igreja no Chile<\/a><\/h2><\/header><footer class=\"cmsmasters_slider_post_footer entry-meta enable_post_meta\"><span class=\"cmsmasters_slider_post_category\"><a href=\"https:\/\/observatoriosinodalidad.org\/pt-br\/category\/noticias-pt-br\/\" class=\"cmsmasters_cat_color cmsmasters_cat_43\" rel=\"category tag\">Not\u00edcias<\/a><\/span><\/footer><div class=\"cmsmasters_slider_post_meta_info\"><span class=\"cmsmasters_likes cmsmasters_slider_post_likes\"><a href=\"#\" onclick=\"cmsmastersLike(18244, false); return false;\" id=\"cmsmastersLike-18244\" class=\"cmsmastersLike cmsmasters_theme_icon_like\"><span>0 <\/span><\/a><\/span><\/div><a class=\"cmsmasters_slider_post_read_more\" href=\"https:\/\/observatoriosinodalidad.org\/pt-br\/sinodalidade-no-centro-a-revista-servicio-convida-voce-a-aprofundar-o-caminhar-juntos-da-igreja-no-chile\/\">Leia mais<\/a><\/div>\t<\/div>\r\n<\/article>\r\n<!--_________________________ Finish Posts Slider Post Article _________________________ -->\r\n\r\n<\/div><div class=\"cmsmasters_owl_slider_item\"><!--_________________________ Start Posts Slider Post Article _________________________ -->\r\n<article id=\"post-18234\" class=\"cmsmasters_slider_post post-18234 post type-post status-publish format-standard has-post-thumbnail hentry category-noticias-pt-br tag-iglesia-en-antillas tag-jubileu-2025\">\r\n\t<div class=\"cmsmasters_slider_post_outer\">\r\n\t<div class=\"cmsmasters_slider_post_date_img_wrap\"><figure class=\"cmsmasters_img_rollover_wrap preloader\"><img loading=\"lazy\" decoding=\"async\" width=\"580\" height=\"366\" src=\"https:\/\/observatoriosinodalidad.org\/wp-content\/uploads\/2025\/12\/Cuaresma-2025-12-26T202923.174-580x366.jpg\" class=\"full-width wp-post-image\" alt=\"Os bispos das Antilhas encerram o Jubileu de 2025 e destacam a sinodalidade como um caminho de esperan\u00e7a\" title=\"Cuaresma - 2025-12-26T202923.174\" \/><div class=\"cmsmasters_img_rollover\"><a href=\"https:\/\/observatoriosinodalidad.org\/pt-br\/os-bispos-das-antilhas-encerram-o-jubileu-de-2025-e-destacam-a-sinodalidade-como-um-caminho-de-esperanca\/\" title=\"Os bispos das Antilhas encerram o Jubileu de 2025 e destacam a sinodalidade como um caminho de esperan\u00e7a\" class=\"cmsmasters_open_link\"><\/a><\/div><\/figure><\/div><div class=\"cmsmasters_slider_post_inner\"><div class=\"cmsmasters_slider_post_cont_info entry-meta\"><span class=\"cmsmasters_slider_post_date\"><abbr class=\"published\" title=\"dezembro 26, 2025\">26 dezembro 2025<\/abbr><abbr class=\"dn date updated\" title=\"dezembro 26, 2025\">dezembro 26, 2025<\/abbr><\/span><\/div><header class=\"cmsmasters_slider_post_header entry-header\"><h2 class=\"cmsmasters_slider_post_title entry-title\"><a href=\"https:\/\/observatoriosinodalidad.org\/pt-br\/os-bispos-das-antilhas-encerram-o-jubileu-de-2025-e-destacam-a-sinodalidade-como-um-caminho-de-esperanca\/\">Os bispos das Antilhas encerram o Jubileu de 2025 e destacam a sinodalidade como um caminho de esperan\u00e7a<\/a><\/h2><\/header><footer class=\"cmsmasters_slider_post_footer entry-meta enable_post_meta\"><span class=\"cmsmasters_slider_post_category\"><a href=\"https:\/\/observatoriosinodalidad.org\/pt-br\/category\/noticias-pt-br\/\" class=\"cmsmasters_cat_color cmsmasters_cat_43\" rel=\"category tag\">Not\u00edcias<\/a><\/span><\/footer><div class=\"cmsmasters_slider_post_meta_info\"><span class=\"cmsmasters_likes cmsmasters_slider_post_likes\"><a href=\"#\" onclick=\"cmsmastersLike(18234, false); return false;\" id=\"cmsmastersLike-18234\" class=\"cmsmastersLike cmsmasters_theme_icon_like\"><span>0 <\/span><\/a><\/span><\/div><a class=\"cmsmasters_slider_post_read_more\" href=\"https:\/\/observatoriosinodalidad.org\/pt-br\/os-bispos-das-antilhas-encerram-o-jubileu-de-2025-e-destacam-a-sinodalidade-como-um-caminho-de-esperanca\/\">Leia mais<\/a><\/div>\t<\/div>\r\n<\/article>\r\n<!--_________________________ Finish Posts Slider Post Article _________________________ -->\r\n\r\n<\/div><div class=\"cmsmasters_owl_slider_item\"><!--_________________________ Start Posts Slider Post Article _________________________ -->\r\n<article id=\"post-18224\" class=\"cmsmasters_slider_post post-18224 post type-post status-publish format-standard has-post-thumbnail hentry category-entrevistas-pt-br category-noticias-pt-br tag-natal tag-sinoalidade\">\r\n\t<div class=\"cmsmasters_slider_post_outer\">\r\n\t<div class=\"cmsmasters_slider_post_date_img_wrap\"><figure class=\"cmsmasters_img_rollover_wrap preloader\"><img loading=\"lazy\" decoding=\"async\" width=\"580\" height=\"366\" src=\"https:\/\/observatoriosinodalidad.org\/wp-content\/uploads\/2025\/12\/Nacho-Dice-580x366.jpg\" class=\"full-width wp-post-image\" alt=\"\u201cEstamos celebrando o fato de Deus ter se tornado um de n\u00f3s\u201d, disse o padre Ignacio Madera em um Natal sinodal a partir dos pobres\" title=\"Nacho Dice\" \/><div class=\"cmsmasters_img_rollover\"><a href=\"https:\/\/observatoriosinodalidad.org\/pt-br\/estamos-celebrando-o-fato-de-deus-ter-se-tornado-um-de-nos-disse-o-padre-ignacio-madera-em-um-natal-sinodal-a-partir-dos-pobres\/\" title=\"\u201cEstamos celebrando o fato de Deus ter se tornado um de n\u00f3s\u201d, disse o padre Ignacio Madera em um Natal sinodal a partir dos pobres\" class=\"cmsmasters_open_link\"><\/a><\/div><\/figure><\/div><div class=\"cmsmasters_slider_post_inner\"><div class=\"cmsmasters_slider_post_cont_info entry-meta\"><span class=\"cmsmasters_slider_post_date\"><abbr class=\"published\" title=\"dezembro 23, 2025\">23 dezembro 2025<\/abbr><abbr class=\"dn date updated\" title=\"dezembro 23, 2025\">dezembro 23, 2025<\/abbr><\/span><\/div><header class=\"cmsmasters_slider_post_header entry-header\"><h2 class=\"cmsmasters_slider_post_title entry-title\"><a href=\"https:\/\/observatoriosinodalidad.org\/pt-br\/estamos-celebrando-o-fato-de-deus-ter-se-tornado-um-de-nos-disse-o-padre-ignacio-madera-em-um-natal-sinodal-a-partir-dos-pobres\/\">\u201cEstamos celebrando o fato de Deus ter se tornado um de n\u00f3s\u201d, disse o padre Ignacio Madera em um Natal sinodal a partir dos pobres<\/a><\/h2><\/header><footer class=\"cmsmasters_slider_post_footer entry-meta enable_post_meta\"><span class=\"cmsmasters_slider_post_category\"><a href=\"https:\/\/observatoriosinodalidad.org\/pt-br\/category\/entrevistas-pt-br\/\" class=\"cmsmasters_cat_color cmsmasters_cat_40\" rel=\"category tag\">Entrevistas<\/a><a href=\"https:\/\/observatoriosinodalidad.org\/pt-br\/category\/noticias-pt-br\/\" class=\"cmsmasters_cat_color cmsmasters_cat_43\" rel=\"category tag\">Not\u00edcias<\/a><\/span><\/footer><div class=\"cmsmasters_slider_post_meta_info\"><span class=\"cmsmasters_likes cmsmasters_slider_post_likes\"><a href=\"#\" onclick=\"cmsmastersLike(18224, false); return false;\" id=\"cmsmastersLike-18224\" class=\"cmsmastersLike cmsmasters_theme_icon_like\"><span>0 <\/span><\/a><\/span><\/div><a class=\"cmsmasters_slider_post_read_more\" href=\"https:\/\/observatoriosinodalidad.org\/pt-br\/estamos-celebrando-o-fato-de-deus-ter-se-tornado-um-de-nos-disse-o-padre-ignacio-madera-em-um-natal-sinodal-a-partir-dos-pobres\/\">Leia mais<\/a><\/div>\t<\/div>\r\n<\/article>\r\n<!--_________________________ Finish Posts Slider Post Article _________________________ -->\r\n\r\n<\/div><div class=\"cmsmasters_owl_slider_item\"><!--_________________________ Start Posts Slider Post Article _________________________ -->\r\n<article id=\"post-18212\" class=\"cmsmasters_slider_post post-18212 post type-post status-publish format-standard has-post-thumbnail hentry category-noticias-pt-br tag-sinodalidade\">\r\n\t<div class=\"cmsmasters_slider_post_outer\">\r\n\t<div class=\"cmsmasters_slider_post_date_img_wrap\"><figure class=\"cmsmasters_img_rollover_wrap preloader\"><img loading=\"lazy\" decoding=\"async\" width=\"580\" height=\"366\" src=\"https:\/\/observatoriosinodalidad.org\/wp-content\/uploads\/2025\/12\/Cuaresma-2025-12-22T234124.835-580x366.jpg\" class=\"full-width wp-post-image\" alt=\"O Papa Le\u00e3o XIV incentiva o aprofundamento da sinodalidade no minist\u00e9rio sacerdotal: \u201cAinda h\u00e1 muito a ser feito\u201d\" title=\"Cuaresma - 2025-12-22T234124.835\" \/><div class=\"cmsmasters_img_rollover\"><a href=\"https:\/\/observatoriosinodalidad.org\/pt-br\/o-papa-leao-xiv-incentiva-o-aprofundamento-da-sinodalidade-no-ministerio-sacerdotal-ainda-ha-muito-a-ser-feito\/\" title=\"O Papa Le\u00e3o XIV incentiva o aprofundamento da sinodalidade no minist\u00e9rio sacerdotal: \u201cAinda h\u00e1 muito a ser feito\u201d\" class=\"cmsmasters_open_link\"><\/a><\/div><\/figure><\/div><div class=\"cmsmasters_slider_post_inner\"><div class=\"cmsmasters_slider_post_cont_info entry-meta\"><span class=\"cmsmasters_slider_post_date\"><abbr class=\"published\" title=\"dezembro 22, 2025\">22 dezembro 2025<\/abbr><abbr class=\"dn date updated\" title=\"dezembro 23, 2025\">dezembro 23, 2025<\/abbr><\/span><\/div><header class=\"cmsmasters_slider_post_header entry-header\"><h2 class=\"cmsmasters_slider_post_title entry-title\"><a href=\"https:\/\/observatoriosinodalidad.org\/pt-br\/o-papa-leao-xiv-incentiva-o-aprofundamento-da-sinodalidade-no-ministerio-sacerdotal-ainda-ha-muito-a-ser-feito\/\">O Papa Le\u00e3o XIV incentiva o aprofundamento da sinodalidade no minist\u00e9rio sacerdotal: \u201cAinda h\u00e1 muito a ser feito\u201d<\/a><\/h2><\/header><footer class=\"cmsmasters_slider_post_footer entry-meta enable_post_meta\"><span class=\"cmsmasters_slider_post_category\"><a href=\"https:\/\/observatoriosinodalidad.org\/pt-br\/category\/noticias-pt-br\/\" class=\"cmsmasters_cat_color cmsmasters_cat_43\" rel=\"category tag\">Not\u00edcias<\/a><\/span><\/footer><div class=\"cmsmasters_slider_post_meta_info\"><span class=\"cmsmasters_likes cmsmasters_slider_post_likes\"><a href=\"#\" onclick=\"cmsmastersLike(18212, false); return false;\" id=\"cmsmastersLike-18212\" class=\"cmsmastersLike cmsmasters_theme_icon_like\"><span>0 <\/span><\/a><\/span><\/div><a class=\"cmsmasters_slider_post_read_more\" href=\"https:\/\/observatoriosinodalidad.org\/pt-br\/o-papa-leao-xiv-incentiva-o-aprofundamento-da-sinodalidade-no-ministerio-sacerdotal-ainda-ha-muito-a-ser-feito\/\">Leia mais<\/a><\/div>\t<\/div>\r\n<\/article>\r\n<!--_________________________ Finish Posts Slider Post Article _________________________ -->\r\n\r\n<\/div><div class=\"cmsmasters_owl_slider_item\"><!--_________________________ Start Posts Slider Post Article _________________________ -->\r\n<article id=\"post-18119\" class=\"cmsmasters_slider_post post-18119 post type-post status-publish format-standard has-post-thumbnail hentry category-noticias-pt-br tag-papa-francisco-pt-br tag-sinodalidade\">\r\n\t<div class=\"cmsmasters_slider_post_outer\">\r\n\t<div class=\"cmsmasters_slider_post_date_img_wrap\"><figure class=\"cmsmasters_img_rollover_wrap preloader\"><img loading=\"lazy\" decoding=\"async\" width=\"580\" height=\"366\" src=\"https:\/\/observatoriosinodalidad.org\/wp-content\/uploads\/2025\/12\/Cuaresma-2025-12-19T232404.178-580x366.jpg\" class=\"full-width wp-post-image\" alt=\"Cristina Inog\u00e9s: O caminho sinodal de Francisco nasce da vida, dos processos e da escuta do Esp\u00edrito\" title=\"Cuaresma - 2025-12-19T232404.178\" \/><div class=\"cmsmasters_img_rollover\"><a href=\"https:\/\/observatoriosinodalidad.org\/pt-br\/cristina-inoges-o-caminho-sinodal-de-francisco-nasce-da-vida-dos-processos-e-da-escuta-do-espirito\/\" title=\"Cristina Inog\u00e9s: O caminho sinodal de Francisco nasce da vida, dos processos e da escuta do Esp\u00edrito\" class=\"cmsmasters_open_link\"><\/a><\/div><\/figure><\/div><div class=\"cmsmasters_slider_post_inner\"><div class=\"cmsmasters_slider_post_cont_info entry-meta\"><span class=\"cmsmasters_slider_post_date\"><abbr class=\"published\" title=\"dezembro 19, 2025\">19 dezembro 2025<\/abbr><abbr class=\"dn date updated\" title=\"dezembro 19, 2025\">dezembro 19, 2025<\/abbr><\/span><\/div><header class=\"cmsmasters_slider_post_header entry-header\"><h2 class=\"cmsmasters_slider_post_title entry-title\"><a href=\"https:\/\/observatoriosinodalidad.org\/pt-br\/cristina-inoges-o-caminho-sinodal-de-francisco-nasce-da-vida-dos-processos-e-da-escuta-do-espirito\/\">Cristina Inog\u00e9s: O caminho sinodal de Francisco nasce da vida, dos processos e da escuta do Esp\u00edrito<\/a><\/h2><\/header><footer class=\"cmsmasters_slider_post_footer entry-meta enable_post_meta\"><span class=\"cmsmasters_slider_post_category\"><a href=\"https:\/\/observatoriosinodalidad.org\/pt-br\/category\/noticias-pt-br\/\" class=\"cmsmasters_cat_color cmsmasters_cat_43\" rel=\"category tag\">Not\u00edcias<\/a><\/span><\/footer><div class=\"cmsmasters_slider_post_meta_info\"><span class=\"cmsmasters_likes cmsmasters_slider_post_likes\"><a href=\"#\" onclick=\"cmsmastersLike(18119, false); return false;\" id=\"cmsmastersLike-18119\" class=\"cmsmastersLike cmsmasters_theme_icon_like\"><span>0 <\/span><\/a><\/span><\/div><a class=\"cmsmasters_slider_post_read_more\" href=\"https:\/\/observatoriosinodalidad.org\/pt-br\/cristina-inoges-o-caminho-sinodal-de-francisco-nasce-da-vida-dos-processos-e-da-escuta-do-espirito\/\">Leia mais<\/a><\/div>\t<\/div>\r\n<\/article>\r\n<!--_________________________ Finish Posts Slider Post Article _________________________ -->\r\n\r\n<\/div><div class=\"cmsmasters_owl_slider_item\"><!--_________________________ Start Posts Slider Post Article _________________________ -->\r\n<article id=\"post-18108\" class=\"cmsmasters_slider_post post-18108 post type-post status-publish format-standard has-post-thumbnail hentry category-noticias-pt-br tag-sinodalidad-pt-br tag-sinodalidade tag-vida-consagrada-pt-br\">\r\n\t<div class=\"cmsmasters_slider_post_outer\">\r\n\t<div class=\"cmsmasters_slider_post_date_img_wrap\"><figure class=\"cmsmasters_img_rollover_wrap preloader\"><img loading=\"lazy\" decoding=\"async\" width=\"580\" height=\"366\" src=\"https:\/\/observatoriosinodalidad.org\/wp-content\/uploads\/2025\/12\/Cuaresma-2025-12-16T232925.212-580x366.jpg\" class=\"full-width wp-post-image\" alt=\"\u201cO protagonista da sinodalidade \u00e9 o Esp\u00edrito\u201d: Irm\u00e3 Gloria Liliana no podcast \u201cDi\u00e1logos no \u00c1trio\u201d\" title=\"Cuaresma - 2025-12-16T232925.212\" \/><div class=\"cmsmasters_img_rollover\"><a href=\"https:\/\/observatoriosinodalidad.org\/pt-br\/o-protagonista-da-sinodalidade-e-o-espirito-irma-gloria-liliana-no-podcast-dialogos-no-atrio\/\" title=\"\u201cO protagonista da sinodalidade \u00e9 o Esp\u00edrito\u201d: Irm\u00e3 Gloria Liliana no podcast \u201cDi\u00e1logos no \u00c1trio\u201d\" class=\"cmsmasters_open_link\"><\/a><\/div><\/figure><\/div><div class=\"cmsmasters_slider_post_inner\"><div class=\"cmsmasters_slider_post_cont_info entry-meta\"><span class=\"cmsmasters_slider_post_date\"><abbr class=\"published\" title=\"dezembro 17, 2025\">17 dezembro 2025<\/abbr><abbr class=\"dn date updated\" title=\"dezembro 17, 2025\">dezembro 17, 2025<\/abbr><\/span><\/div><header class=\"cmsmasters_slider_post_header entry-header\"><h2 class=\"cmsmasters_slider_post_title entry-title\"><a href=\"https:\/\/observatoriosinodalidad.org\/pt-br\/o-protagonista-da-sinodalidade-e-o-espirito-irma-gloria-liliana-no-podcast-dialogos-no-atrio\/\">\u201cO protagonista da sinodalidade \u00e9 o Esp\u00edrito\u201d: Irm\u00e3 Gloria Liliana no podcast \u201cDi\u00e1logos no \u00c1trio\u201d<\/a><\/h2><\/header><footer class=\"cmsmasters_slider_post_footer entry-meta enable_post_meta\"><span class=\"cmsmasters_slider_post_category\"><a href=\"https:\/\/observatoriosinodalidad.org\/pt-br\/category\/noticias-pt-br\/\" class=\"cmsmasters_cat_color cmsmasters_cat_43\" rel=\"category tag\">Not\u00edcias<\/a><\/span><\/footer><div class=\"cmsmasters_slider_post_meta_info\"><span class=\"cmsmasters_likes cmsmasters_slider_post_likes\"><a href=\"#\" onclick=\"cmsmastersLike(18108, false); return false;\" id=\"cmsmastersLike-18108\" class=\"cmsmastersLike cmsmasters_theme_icon_like\"><span>0 <\/span><\/a><\/span><\/div><a class=\"cmsmasters_slider_post_read_more\" href=\"https:\/\/observatoriosinodalidad.org\/pt-br\/o-protagonista-da-sinodalidade-e-o-espirito-irma-gloria-liliana-no-podcast-dialogos-no-atrio\/\">Leia mais<\/a><\/div>\t<\/div>\r\n<\/article>\r\n<!--_________________________ Finish Posts Slider Post Article _________________________ -->\r\n\r\n<\/div><\/div><\/div>\n<div id=\"cmsmasters_button_bm2t99r8b\" class=\"button_wrap\"><a href=\"https:\/\/observatoriosinodalidad.org\/actualidad\/\" class=\"cmsmasters_button\"><span>Veja aqui<\/span><\/a><\/div>\n<\/div><\/div>\n<\/div>\n<\/div>\n<\/div>\n<\/div>\n<\/div>\n<div id=\"cmsmasters_row_cuc5exahls\" class=\"cmsmasters_row cmsmasters_color_scheme_third cmsmasters_row_top_default cmsmasters_row_bot_default cmsmasters_row_boxed\">\n<div class=\"cmsmasters_row_outer_parent\">\n<div class=\"cmsmasters_row_outer\">\n<div class=\"cmsmasters_row_inner\">\n<div class=\"cmsmasters_row_margin\">\n<div id=\"cmsmasters_column_yinielq9o\" class=\"cmsmasters_column one_first\">\n<div class=\"cmsmasters_column_inner\"><div id=\"cmsmasters_counters_2bjw0w1pep\" class=\"cmsmasters_counters counters_type_vertical\"><div class=\"cmsmasters_counter_wrap one_third\">\n<div id=\"cmsmasters_counter_6x4lreypl\" class=\"cmsmasters_counter counter_has_icon\" data-percent=\"1\">\n<div class=\"cmsmasters_counter_inner cmsmasters-icon-book\">\n<span class=\"cmsmasters_counter_counter_wrap\">\n<span class=\"cmsmasters_counter_prefix\"><\/span><span class=\"cmsmasters_counter_counter\">0<\/span><span class=\"cmsmasters_counter_suffix\"><\/span>\n<\/span>\n<span class=\"cmsmasters_counter_title\">Documento Final<\/span>\n<\/div>\n<span class=\"cmsmasters_counter_subtitle\">da 16\u00aa Assembleia Sinodal<\/span>\n<\/div>\n<\/div><div class=\"cmsmasters_counter_wrap one_third\">\n<div id=\"cmsmasters_counter_gndv9buwln\" class=\"cmsmasters_counter counter_has_icon\" data-percent=\"5\">\n<div class=\"cmsmasters_counter_inner cmsmasters-icon-book-open\">\n<span class=\"cmsmasters_counter_counter_wrap\">\n<span class=\"cmsmasters_counter_prefix\"><\/span><span class=\"cmsmasters_counter_counter\">0<\/span><span class=\"cmsmasters_counter_suffix\"><\/span>\n<\/span>\n<span class=\"cmsmasters_counter_title\">Partes<\/span>\n<\/div>\n<span class=\"cmsmasters_counter_subtitle\">do Documento Final do S\u00ednodo<\/span>\n<\/div>\n<\/div><div class=\"cmsmasters_counter_wrap one_third\">\n<div id=\"cmsmasters_counter_mhf8pfwcu8\" class=\"cmsmasters_counter counter_has_icon\" data-percent=\"10\">\n<div class=\"cmsmasters_counter_inner cmsmasters-icon-user-group\">\n<span class=\"cmsmasters_counter_counter_wrap\">\n<span class=\"cmsmasters_counter_prefix\"><\/span><span class=\"cmsmasters_counter_counter\">0<\/span><span class=\"cmsmasters_counter_suffix\"><\/span>\n<\/span>\n<span class=\"cmsmasters_counter_title\">Grupos de Estudo<\/span>\n<\/div>\n<span class=\"cmsmasters_counter_subtitle\">para aprofundar a vida e miss\u00e3o da Igreja<\/span>\n<\/div>\n<\/div><\/div>\n<\/div><\/div>\n<\/div>\n<\/div>\n<\/div>\n<\/div>\n<\/div>\n<div id=\"cmsmasters_row_w1x30s6pn\" class=\"cmsmasters_row cmsmasters_color_scheme_default cmsmasters_row_top_default cmsmasters_row_bot_default cmsmasters_row_fullwidth\">\n<div id=\"galeria_home\" class=\"cmsmasters_row_outer_parent\">\n<div class=\"cmsmasters_row_outer\">\n<div class=\"cmsmasters_row_inner cmsmasters_row_fullwidth cmsmasters_row_no_margin\">\n<div class=\"cmsmasters_row_margin\">\n<div id=\"cmsmasters_column_f32n25c3ry\" class=\"cmsmasters_column one_half left\">\n<div class=\"cmsmasters_column_inner\"><div class=\"cmsmasters_img  cmsmasters_image_n\"><a href=\"https:\/\/observatoriosinodalidad.org\/pt-br\/publicacoes\/#cuadernos\"><img decoding=\"async\" src=\"https:\/\/observatoriosinodalidad.org\/wp-content\/uploads\/2024\/04\/Cadernos-de-Estudo-scaled.webp\" \/><\/a><\/div><div class=\"cmsmasters_img  cmsmasters_image_n\"><a href=\"https:\/\/observatoriosinodalidad.org\/pt-br\/artigos\/\" target=\"_blank\"><img decoding=\"async\" src=\"https:\/\/observatoriosinodalidad.org\/wp-content\/uploads\/2024\/04\/Artigos-Academicos-scaled.webp\" \/><\/a><\/div><div class=\"cmsmasters_img  cmsmasters_image_n\"><a href=\"https:\/\/observatoriosinodalidad.org\/pt-br\/reflexoes\/\" target=\"_blank\"><img decoding=\"async\" src=\"https:\/\/observatoriosinodalidad.org\/wp-content\/uploads\/2024\/04\/Reflexoes-scaled.webp\" \/><\/a><\/div><div class=\"cmsmasters_img  cmsmasters_image_n\"><a href=\"https:\/\/observatoriosinodalidad.org\/pt-br\/multimidia\/\" target=\"_blank\"><img decoding=\"async\" src=\"https:\/\/observatoriosinodalidad.org\/wp-content\/uploads\/2024\/04\/Multimidia-scaled.webp\" \/><\/a><\/div>\n<\/div><\/div>\n<div id=\"cmsmasters_column_w3p5c8m4v\" class=\"cmsmasters_column one_half\">\n<div class=\"cmsmasters_column_inner\"><div class=\"cmsmasters_img  cmsmasters_image_n\"><a href=\"https:\/\/observatoriosinodalidad.org\/wp-content\/uploads\/2025\/01\/Publicacoes-scaled.webp\"><img decoding=\"async\" src=\"https:\/\/observatoriosinodalidad.org\/wp-content\/uploads\/2025\/01\/Publicacoes-scaled.webp\" alt=\"Publica\u00e7\u00f5es\" \/><\/a><\/div>\n<\/div><\/div>\n<\/div>\n<\/div>\n<\/div>\n<\/div>\n<\/div>\n<div id=\"cmsmasters_row_0oxiddqj3f\" class=\"cmsmasters_row cmsmasters_color_scheme_default cmsmasters_row_top_default cmsmasters_row_bot_default cmsmasters_row_boxed\">\n<div class=\"cmsmasters_row_outer_parent\">\n<div class=\"cmsmasters_row_outer\">\n<div class=\"cmsmasters_row_inner cmsmasters_row_no_margin\">\n<div class=\"cmsmasters_row_margin cmsmasters_row_columns_behavior\">\n<div id=\"cmsmasters_column_ujgsnw70nb\" class=\"cmsmasters_column one_first\">\n<div class=\"cmsmasters_column_inner\"><div id=\"cmsmasters_heading_30kxh2gnn9\" class=\"cmsmasters_heading_wrap cmsmasters_heading_align_center\">\n\t<h2 class=\"cmsmasters_heading\">Parceiros<\/h2>\n<\/div><div class=\"cmsmasters_clients_slider_wrap aliados enable_arrow_control enable_slider_control\">\n<div id=\"cmsmasters_clients_njf4jaw2tp\" class=\"cmsmasters_owl_slider owl-carousel cmsmasters_clients_slider enable_slides_control enable_arrow_control\" data-items=\"5\" data-single-item=\"false\" data-auto-play=\"false\" data-slide-speed=\"1000\" data-pagination-speed=\"1000\" data-pagination=\"true\" data-navigation=\"true\"><div class=\"cmsmasters_clients_item item cmsmasters_owl_slider_item\"><a href=\"https:\/\/www.wftlofficial.org\/\" target=\"_blank\"><img decoding=\"async\" src=\"https:\/\/observatoriosinodalidad.org\/wp-content\/uploads\/2024\/03\/wftl.png\" alt=\"Foro Mundial de Teolog\u00eda y Liberaci\u00f3n &#8211; FMTL\" title=\"Foro Mundial de Teolog\u00eda y Liberaci\u00f3n &#8211; FMTL\" \/><\/a><\/div><div class=\"cmsmasters_clients_item item cmsmasters_owl_slider_item\"><a href=\"https:\/\/www.cebcontinental.org\/\" target=\"_blank\"><img decoding=\"async\" src=\"https:\/\/observatoriosinodalidad.org\/wp-content\/uploads\/2024\/03\/articulacion-continental.png\" alt=\"Articulaci\u00f3n CEBs Continental\" title=\"Articulaci\u00f3n CEBs Continental\" \/><\/a><\/div><div class=\"cmsmasters_clients_item item cmsmasters_owl_slider_item\"><a href=\"https:\/\/www.soter.org.br\/\" target=\"_blank\"><img decoding=\"async\" src=\"https:\/\/observatoriosinodalidad.org\/wp-content\/uploads\/2024\/03\/soter.png\" alt=\"Sociedade de Teologia e Ci\u00eancias da Religi\u00e3o &#8211; SOTER (Brasil)\" title=\"Sociedade de Teologia e Ci\u00eancias da Religi\u00e3o &#8211; SOTER (Brasil)\" \/><\/a><\/div><div class=\"cmsmasters_clients_item item cmsmasters_owl_slider_item\"><a href=\"https:\/\/bcasas.org.pe\/\" target=\"_blank\"><img decoding=\"async\" src=\"https:\/\/observatoriosinodalidad.org\/wp-content\/uploads\/2024\/03\/ibc.png\" alt=\"Instituto Bartolom\u00e9 de las Casas &#8211; IBC (Per\u00fa)\" title=\"Instituto Bartolom\u00e9 de las Casas &#8211; IBC (Per\u00fa)\" \/><\/a><\/div><div class=\"cmsmasters_clients_item item cmsmasters_owl_slider_item\"><a href=\"https:\/\/observatorioeclesial.org.mx\/\" target=\"_blank\"><img decoding=\"async\" src=\"https:\/\/observatoriosinodalidad.org\/wp-content\/uploads\/2024\/03\/observatorio-eclesial.png\" alt=\"Observatorio Eclesial (M\u00e9xico)\" title=\"Observatorio Eclesial (M\u00e9xico)\" \/><\/a><\/div><div class=\"cmsmasters_clients_item item cmsmasters_owl_slider_item\"><a href=\"https:\/\/iglesiasymineria.org\/\" target=\"_blank\"><img decoding=\"async\" src=\"https:\/\/observatoriosinodalidad.org\/wp-content\/uploads\/2024\/04\/iglesias-y-mineria.png\" alt=\"Iglesias y miner\u00eda\" title=\"Iglesias y miner\u00eda\" \/><span><img decoding=\"async\" src=\"https:\/\/observatoriosinodalidad.org\/wp-content\/uploads\/2024\/04\/iglesias-y-mineria.png\" alt=\"Iglesias y miner\u00eda\" title=\"Iglesias y miner\u00eda\" \/><\/span><\/a><\/div><\/div>\n<\/div>\n<\/div><\/div>\n<\/div>\n<\/div>\n<\/div>\n<\/div>\n<\/div>\n<div id=\"cmsmasters_row_0oyzd3693\" class=\"cmsmasters_row cmsmasters_color_scheme_default cmsmasters_row_top_default cmsmasters_row_bot_default cmsmasters_row_boxed\">\n<div class=\"cmsmasters_row_outer_parent\">\n<div class=\"cmsmasters_row_outer\">\n<div class=\"cmsmasters_row_inner\">\n<div class=\"cmsmasters_row_margin\">\n<div id=\"cmsmasters_column_4eo0fwj728\" class=\"cmsmasters_column one_first\">\n<div class=\"cmsmasters_column_inner\"><div id=\"cmsmasters_heading_atddi49od9\" class=\"cmsmasters_heading_wrap cmsmasters_heading_align_center\">\n\t<h2 class=\"cmsmasters_heading\"><a href=\"https:\/\/docs.google.com\/forms\/d\/e\/1FAIpQLScKqIFMWFYkj4RsnMvIiRUUMVxWgLNUZbcIs6L4Fn3aPT1QtA\/viewform\" target=\"_blank\">Assine nosso boletim informativo<\/a><\/h2>\n<\/div>\n<\/div><\/div>\n<\/div>\n<\/div>\n<\/div>\n<\/div>\n<\/div>\n\n","protected":false},"excerpt":{"rendered":"","protected":false},"author":1,"featured_media":0,"parent":0,"menu_order":0,"comment_status":"closed","ping_status":"closed","template":"","meta":{"footnotes":""},"class_list":["post-12846","page","type-page","status-publish","hentry"],"yoast_head":"<!-- This site is optimized with the Yoast SEO Premium plugin v26.8 (Yoast SEO v27.5) - https:\/\/yoast.com\/product\/yoast-seo-premium-wordpress\/ -->\n<title>In\u00edcio - Observatorio Latinoamericano de la Sinodalidad<\/title>\n<meta name=\"robots\" content=\"index, follow, max-snippet:-1, max-image-preview:large, max-video-preview:-1\" \/>\n<link rel=\"canonical\" href=\"https:\/\/observatoriosinodalidad.org\/pt-br\/\" \/>\n<meta property=\"og:locale\" content=\"pt_BR\" \/>\n<meta property=\"og:type\" content=\"article\" \/>\n<meta property=\"og:title\" content=\"In\u00edcio\" \/>\n<meta property=\"og:url\" content=\"https:\/\/observatoriosinodalidad.org\/pt-br\/\" \/>\n<meta property=\"og:site_name\" content=\"Observatorio Latinoamericano de la Sinodalidad\" \/>\n<meta property=\"article:publisher\" content=\"https:\/\/www.facebook.com\/profile.php?id=61557630161102\" \/>\n<meta property=\"article:modified_time\" content=\"2026-04-06T18:00:05+00:00\" \/>\n<meta name=\"twitter:card\" content=\"summary_large_image\" \/>\n<meta name=\"twitter:site\" content=\"@O_Sinodalidad\" \/>\n<meta name=\"twitter:label1\" content=\"Est. tempo de leitura\" \/>\n\t<meta name=\"twitter:data1\" content=\"2 minutos\" \/>\n<script type=\"application\/ld+json\" class=\"yoast-schema-graph\">{\"@context\":\"https:\\\/\\\/schema.org\",\"@graph\":[{\"@type\":\"WebPage\",\"@id\":\"https:\\\/\\\/observatoriosinodalidad.org\\\/pt-br\\\/\",\"url\":\"https:\\\/\\\/observatoriosinodalidad.org\\\/pt-br\\\/\",\"name\":\"In\u00edcio - Observatorio Latinoamericano de la Sinodalidad\",\"isPartOf\":{\"@id\":\"https:\\\/\\\/observatoriosinodalidad.org\\\/#website\"},\"datePublished\":\"2015-11-18T13:37:53+00:00\",\"dateModified\":\"2026-04-06T18:00:05+00:00\",\"breadcrumb\":{\"@id\":\"https:\\\/\\\/observatoriosinodalidad.org\\\/pt-br\\\/#breadcrumb\"},\"inLanguage\":\"pt-BR\",\"potentialAction\":[{\"@type\":\"ReadAction\",\"target\":[\"https:\\\/\\\/observatoriosinodalidad.org\\\/pt-br\\\/\"]}]},{\"@type\":\"BreadcrumbList\",\"@id\":\"https:\\\/\\\/observatoriosinodalidad.org\\\/pt-br\\\/#breadcrumb\",\"itemListElement\":[{\"@type\":\"ListItem\",\"position\":1,\"name\":\"Inicio\",\"item\":\"https:\\\/\\\/observatoriosinodalidad.org\\\/pt-br\\\/\"},{\"@type\":\"ListItem\",\"position\":2,\"name\":\"In\u00edcio\"}]},{\"@type\":\"WebSite\",\"@id\":\"https:\\\/\\\/observatoriosinodalidad.org\\\/#website\",\"url\":\"https:\\\/\\\/observatoriosinodalidad.org\\\/\",\"name\":\"Observatorio Latinoamericano de la Sinodalidad\",\"description\":\"\",\"publisher\":{\"@id\":\"https:\\\/\\\/observatoriosinodalidad.org\\\/#organization\"},\"potentialAction\":[{\"@type\":\"SearchAction\",\"target\":{\"@type\":\"EntryPoint\",\"urlTemplate\":\"https:\\\/\\\/observatoriosinodalidad.org\\\/?s={search_term_string}\"},\"query-input\":{\"@type\":\"PropertyValueSpecification\",\"valueRequired\":true,\"valueName\":\"search_term_string\"}}],\"inLanguage\":\"pt-BR\"},{\"@type\":\"Organization\",\"@id\":\"https:\\\/\\\/observatoriosinodalidad.org\\\/#organization\",\"name\":\"Observatorio Latinoamericano de la Sinodalidad\",\"url\":\"https:\\\/\\\/observatoriosinodalidad.org\\\/\",\"logo\":{\"@type\":\"ImageObject\",\"inLanguage\":\"pt-BR\",\"@id\":\"https:\\\/\\\/observatoriosinodalidad.org\\\/#\\\/schema\\\/logo\\\/image\\\/\",\"url\":\"https:\\\/\\\/observatoriosinodalidad.org\\\/wp-content\\\/uploads\\\/2024\\\/03\\\/logo.png\",\"contentUrl\":\"https:\\\/\\\/observatoriosinodalidad.org\\\/wp-content\\\/uploads\\\/2024\\\/03\\\/logo.png\",\"width\":250,\"height\":90,\"caption\":\"Observatorio Latinoamericano de la Sinodalidad\"},\"image\":{\"@id\":\"https:\\\/\\\/observatoriosinodalidad.org\\\/#\\\/schema\\\/logo\\\/image\\\/\"},\"sameAs\":[\"https:\\\/\\\/www.facebook.com\\\/profile.php?id=61557630161102\",\"https:\\\/\\\/x.com\\\/O_Sinodalidad\",\"https:\\\/\\\/www.youtube.com\\\/channel\\\/UC-45VOYfrCGFA-mycUuaX2A\",\"https:\\\/\\\/www.instagram.com\\\/observatoriosinodalidad\\\/\"]}]}<\/script>\n<!-- \/ Yoast SEO Premium plugin. -->","yoast_head_json":{"title":"In\u00edcio - Observatorio Latinoamericano de la Sinodalidad","robots":{"index":"index","follow":"follow","max-snippet":"max-snippet:-1","max-image-preview":"max-image-preview:large","max-video-preview":"max-video-preview:-1"},"canonical":"https:\/\/observatoriosinodalidad.org\/pt-br\/","og_locale":"pt_BR","og_type":"article","og_title":"In\u00edcio","og_url":"https:\/\/observatoriosinodalidad.org\/pt-br\/","og_site_name":"Observatorio Latinoamericano de la Sinodalidad","article_publisher":"https:\/\/www.facebook.com\/profile.php?id=61557630161102","article_modified_time":"2026-04-06T18:00:05+00:00","twitter_card":"summary_large_image","twitter_site":"@O_Sinodalidad","twitter_misc":{"Est. tempo de leitura":"2 minutos"},"schema":{"@context":"https:\/\/schema.org","@graph":[{"@type":"WebPage","@id":"https:\/\/observatoriosinodalidad.org\/pt-br\/","url":"https:\/\/observatoriosinodalidad.org\/pt-br\/","name":"In\u00edcio - Observatorio Latinoamericano de la Sinodalidad","isPartOf":{"@id":"https:\/\/observatoriosinodalidad.org\/#website"},"datePublished":"2015-11-18T13:37:53+00:00","dateModified":"2026-04-06T18:00:05+00:00","breadcrumb":{"@id":"https:\/\/observatoriosinodalidad.org\/pt-br\/#breadcrumb"},"inLanguage":"pt-BR","potentialAction":[{"@type":"ReadAction","target":["https:\/\/observatoriosinodalidad.org\/pt-br\/"]}]},{"@type":"BreadcrumbList","@id":"https:\/\/observatoriosinodalidad.org\/pt-br\/#breadcrumb","itemListElement":[{"@type":"ListItem","position":1,"name":"Inicio","item":"https:\/\/observatoriosinodalidad.org\/pt-br\/"},{"@type":"ListItem","position":2,"name":"In\u00edcio"}]},{"@type":"WebSite","@id":"https:\/\/observatoriosinodalidad.org\/#website","url":"https:\/\/observatoriosinodalidad.org\/","name":"Observatorio Latinoamericano de la Sinodalidad","description":"","publisher":{"@id":"https:\/\/observatoriosinodalidad.org\/#organization"},"potentialAction":[{"@type":"SearchAction","target":{"@type":"EntryPoint","urlTemplate":"https:\/\/observatoriosinodalidad.org\/?s={search_term_string}"},"query-input":{"@type":"PropertyValueSpecification","valueRequired":true,"valueName":"search_term_string"}}],"inLanguage":"pt-BR"},{"@type":"Organization","@id":"https:\/\/observatoriosinodalidad.org\/#organization","name":"Observatorio Latinoamericano de la Sinodalidad","url":"https:\/\/observatoriosinodalidad.org\/","logo":{"@type":"ImageObject","inLanguage":"pt-BR","@id":"https:\/\/observatoriosinodalidad.org\/#\/schema\/logo\/image\/","url":"https:\/\/observatoriosinodalidad.org\/wp-content\/uploads\/2024\/03\/logo.png","contentUrl":"https:\/\/observatoriosinodalidad.org\/wp-content\/uploads\/2024\/03\/logo.png","width":250,"height":90,"caption":"Observatorio Latinoamericano de la Sinodalidad"},"image":{"@id":"https:\/\/observatoriosinodalidad.org\/#\/schema\/logo\/image\/"},"sameAs":["https:\/\/www.facebook.com\/profile.php?id=61557630161102","https:\/\/x.com\/O_Sinodalidad","https:\/\/www.youtube.com\/channel\/UC-45VOYfrCGFA-mycUuaX2A","https:\/\/www.instagram.com\/observatoriosinodalidad\/"]}]}},"_links":{"self":[{"href":"https:\/\/observatoriosinodalidad.org\/pt-br\/wp-json\/wp\/v2\/pages\/12846","targetHints":{"allow":["GET"]}}],"collection":[{"href":"https:\/\/observatoriosinodalidad.org\/pt-br\/wp-json\/wp\/v2\/pages"}],"about":[{"href":"https:\/\/observatoriosinodalidad.org\/pt-br\/wp-json\/wp\/v2\/types\/page"}],"author":[{"embeddable":true,"href":"https:\/\/observatoriosinodalidad.org\/pt-br\/wp-json\/wp\/v2\/users\/1"}],"replies":[{"embeddable":true,"href":"https:\/\/observatoriosinodalidad.org\/pt-br\/wp-json\/wp\/v2\/comments?post=12846"}],"version-history":[{"count":13,"href":"https:\/\/observatoriosinodalidad.org\/pt-br\/wp-json\/wp\/v2\/pages\/12846\/revisions"}],"predecessor-version":[{"id":18396,"href":"https:\/\/observatoriosinodalidad.org\/pt-br\/wp-json\/wp\/v2\/pages\/12846\/revisions\/18396"}],"wp:attachment":[{"href":"https:\/\/observatoriosinodalidad.org\/pt-br\/wp-json\/wp\/v2\/media?parent=12846"}],"curies":[{"name":"wp","href":"https:\/\/api.w.org\/{rel}","templated":true}]}}